{"id":29,"date":"2022-06-12T12:41:50","date_gmt":"2022-06-12T12:41:50","guid":{"rendered":"https:\/\/ammerkeramik.de\/en\/page\/de\/kontakt\/"},"modified":"2022-08-17T01:17:14","modified_gmt":"2022-08-16T23:17:14","slug":"reutlinger-essschalchen","status":"publish","type":"page","link":"https:\/\/ammerkeramik.de\/en\/reutlinger-essschalchen\/","title":{"rendered":"Das Reutlinger Esssch\u00e4lchen"},"content":{"rendered":"\n<h1>Das Reutlinger Esssch\u00e4lchen <\/h1>\n\n\n\n<div class=\"wp-container-3 wp-block-columns\">\n<div class=\"wp-container-1 wp-block-column\" style=\"flex-basis:66.66%\">\n<p>H\u00f6he zirka 4,5 cm,<br>\u00d8 13 cm<\/p>\n\n\n\n<p>Dieses Sch\u00e4lchen unterst\u00fctzt Kleinkinder optimal beim Erlernen des selbst\u00e4ndigen Essens und ist bestens geeignet f\u00fcr Kinderkrippen, aber auch f\u00fcr das Essen zu Hause.<br>In Zusammenarbeit mit der Abteilung Kindertagesbetreuung der Stadt Reutlingen entstand das Reutlinger Esssch\u00e4lchen.<br>Unsere Keramik ist gefertigt f\u00fcr den t\u00e4glichen Gebrauch, kann im Backofen und in der Mikrowelle eingesetzt und bedenkenlos in der Sp\u00fclmaschine gereinigt werden.<br>Der Preis f\u00fcr soziale Institutionen, wie Kitas, Krabbelgruppen, Tagesm\u00fctter betr\u00e4gt 9,50\u20ac netto + 19 % MwSt. pro St\u00fcck, ab Werkstatt T\u00fcbingen.<br>Einzelverkauf: 14.- \u20ac inkl. MwSt. ab Werkstatt T\u00fcbingen<br>Wir versenden per Paketdienst, mit beiliegender Rechnung.<\/p>\n<\/div>\n\n\n\n<div class=\"wp-container-2 wp-block-column\" style=\"flex-basis:33.33%\">\n<figure class=\"wp-block-image size-full\"><img loading=\"lazy\" width=\"351\" height=\"265\" src=\"https:\/\/ammerkeramik.de\/en\/wp-content\/uploads\/sites\/5\/2022\/06\/ReutlingerEssschaelchen1.png\" alt=\"\" class=\"wp-image-586\" srcset=\"https:\/\/ammerkeramik.de\/en\/wp-content\/uploads\/sites\/5\/2022\/06\/ReutlingerEssschaelchen1.png 351w, https:\/\/ammerkeramik.de\/en\/wp-content\/uploads\/sites\/5\/2022\/06\/ReutlingerEssschaelchen1-300x226.png 300w\" sizes=\"(max-width: 351px) 100vw, 351px\" \/><\/figure>\n<\/div>\n<\/div>\n\n\n\n<div class=\"wp-container-5 wp-block-columns\">\n<div class=\"wp-container-4 wp-block-column\">\n<p><\/p>\n\n\n\n<h2><strong>Die Idee<\/strong><\/h2>\n\n\n\n<p>Bei der Beobachtung von jungen Kindern beim Erlernen des selbst\u00e4ndigen Essens haben wir festgestellt, dass die g\u00e4ngigen Sch\u00fcsselchen und Teller die Kinder dabei nicht optimal unterst\u00fctzen.<\/p>\n\n\n\n<p>Nachdem die Kinder das Essen auf den L\u00f6ffel gebracht haben, schieben sie es am Rand des Sch\u00e4lchens nach oben. Da der Rand des Sch\u00e4lchens sich in der Regel nach au\u00dfen w\u00f6lbt, rutschen sie mit dem L\u00f6ffel ab und das Essen f\u00e4llt h\u00e4ufig neben den Teller.<\/p>\n\n\n\n<p>Die Lust am Selberessen, das Erleben von Selbstwirksamkeit wird eingeschr\u00e4nkt. Gepaart mit Hunger entsteht im Alltag einer Kindertageseinrichtung eine Stresssituation f\u00fcr das Kind, Erzieherinnen und die Gruppe.<\/p>\n\n\n\n<h2><strong>Die Besonderheiten des Reutlinger Esssch\u00e4lchens<\/strong><\/h2>\n\n\n\n<ul><li>Der Rand des Sch\u00e4lchens ist nach innen gerichtet. Schieben die Kinder den L\u00f6ffel mit dem Essen am Rand entlang, bleibt das Essen nun auf dem L\u00f6ffel.<\/li><li>Der Rand ist so gestaltet, dass bei der Reinigung die Reste nicht h\u00e4ngenbleiben.<\/li><li>Durch die Gr\u00f6\u00dfe des Sch\u00e4lchens wird die Menge des Essens begrenzt. Die Kinder k\u00f6nnen sich dadurch nicht zu viel in ihr Sch\u00e4lchen sch\u00f6pfen.<\/li><li>Durch die wei\u00dfe Farbe des Sch\u00e4lchens nehmen die Kinder die nat\u00fcrliche Farbe des Essens wahr.<\/li><li>Die Sch\u00e4lchen sind lebensmittelecht und Sp\u00fclmaschinenfest.<\/li><\/ul>\n<\/div>\n<\/div>\n\n\n\n<p><\/p>\n\n\n\n<div class=\"wp-container-8 wp-block-columns\">\n<div class=\"wp-container-6 wp-block-column\" style=\"flex-basis:66.66%\">\n<h2><strong>\u00dcbergangsteller<\/strong><\/h2>\n\n\n\n<p>Wenn der Hunger gr\u00f6\u00dfer wird und das Essen mit Messer und Gabel erlernt werden soll, l\u00f6st der \u00dcbergangsteller das Esssch\u00e4lchen ab.<\/p>\n\n\n\n<ul><li>Die Mahlzeiten k\u00f6nnen in getrennten Komponenten gereicht werden.<\/li><li>Eine gr\u00f6\u00dfere ebene Grundfl\u00e4che bietet Platz zum Schneiden.<\/li><li>Die Teller sind ideal f\u00fcr Kinder ab zirka 2 Jahren.<\/li><li>Die Teller sind sp\u00fclmaschinenfest, kratzfest und nat\u00fcrlich haben sie eine sch\u00f6ne Form,<\/li><li>die das Essen f\u00fcr die Kinder zum Genu\u00df macht.<\/li><\/ul>\n\n\n\n<p><\/p>\n<\/div>\n\n\n\n<div class=\"wp-container-7 wp-block-column\" style=\"flex-basis:33.33%\"><\/div>\n<\/div>\n\n\n\n<div class=\"wp-container-11 wp-block-columns\">\n<div class=\"wp-container-9 wp-block-column\" style=\"flex-basis:66.66%\">\n<h2><strong>Modell Esssch\u00e4lchen gro\u00df<\/strong><\/h2>\n\n\n\n<p>Abgerundeter Rand, gr\u00f6\u00dfere ebene Innenfl\u00e4che<br>H\u00f6he zirka 5 cm, \u00d8 16 cm<br>12.-\u20ac netto ab Werkstatt<br>f\u00fcr soziale Einrichtungen<br>Einzelverkauf 18.- \u20ac brutto ab Werkstatt<\/p>\n\n\n\n<p><\/p>\n<\/div>\n\n\n\n<div class=\"wp-container-10 wp-block-column\" style=\"flex-basis:33.33%\">\n<figure class=\"wp-block-image size-large\"><img loading=\"lazy\" width=\"1024\" height=\"768\" src=\"https:\/\/ammerkeramik.de\/en\/wp-content\/uploads\/sites\/5\/2022\/06\/UebergangstellerEssschaelchen-1024x768.jpg\" alt=\"\" class=\"wp-image-587\" srcset=\"https:\/\/ammerkeramik.de\/en\/wp-content\/uploads\/sites\/5\/2022\/06\/UebergangstellerEssschaelchen-1024x768.jpg 1024w, https:\/\/ammerkeramik.de\/en\/wp-content\/uploads\/sites\/5\/2022\/06\/UebergangstellerEssschaelchen-300x225.jpg 300w, https:\/\/ammerkeramik.de\/en\/wp-content\/uploads\/sites\/5\/2022\/06\/UebergangstellerEssschaelchen-768x576.jpg 768w, https:\/\/ammerkeramik.de\/en\/wp-content\/uploads\/sites\/5\/2022\/06\/UebergangstellerEssschaelchen.jpg 1110w\" sizes=\"(max-width: 1024px) 100vw, 1024px\" \/><\/figure>\n<\/div>\n<\/div>\n\n\n\n<div class=\"wp-container-14 wp-block-columns\">\n<div class=\"wp-container-12 wp-block-column\" style=\"flex-basis:66.89%\">\n<h2><strong>Modell schr\u00e4ger Rand<\/strong><\/h2>\n\n\n\n<p>H\u00f6he zirka 4 cm, \u00d8 18 cm<br>12.-\u20ac netto ab Werkstatt<br>f\u00fcr soziale Einrichtungen<br>Einzelverkauf 18.- \u20ac brutto ab Werkstatt<\/p>\n<\/div>\n\n\n\n<div class=\"wp-container-13 wp-block-column\" style=\"flex-basis:33.11%\">\n<figure class=\"wp-block-image size-large\"><img loading=\"lazy\" width=\"1024\" height=\"768\" src=\"https:\/\/ammerkeramik.de\/en\/wp-content\/uploads\/sites\/5\/2022\/06\/UebergangstellerSchraegerRand-1024x768.jpg\" alt=\"\" class=\"wp-image-588\" srcset=\"https:\/\/ammerkeramik.de\/en\/wp-content\/uploads\/sites\/5\/2022\/06\/UebergangstellerSchraegerRand-1024x768.jpg 1024w, https:\/\/ammerkeramik.de\/en\/wp-content\/uploads\/sites\/5\/2022\/06\/UebergangstellerSchraegerRand-300x225.jpg 300w, https:\/\/ammerkeramik.de\/en\/wp-content\/uploads\/sites\/5\/2022\/06\/UebergangstellerSchraegerRand-768x576.jpg 768w, https:\/\/ammerkeramik.de\/en\/wp-content\/uploads\/sites\/5\/2022\/06\/UebergangstellerSchraegerRand.jpg 1074w\" sizes=\"(max-width: 1024px) 100vw, 1024px\" \/><\/figure>\n<\/div>\n<\/div>\n\n\n\n<div class=\"wp-container-17 wp-block-columns\">\n<div class=\"wp-container-15 wp-block-column\" style=\"flex-basis:66.66%\">\n<h2><strong>Flache Teller<\/strong><\/h2>\n\n\n\n<p>\u00d8 15 cm 9.- \u20ac<br>\u00d8 16,5 cm 10,50 \u20ac<br>\u00d8 19 cm 13.- \u20ac<\/p>\n\n\n\n<p>Andere Gr\u00f6\u00dfen sind m\u00f6glich.<br>Alle Preise netto +19 % MwSt. ab Werkstatt<\/p>\n\n\n\n<p><\/p>\n<\/div>\n\n\n\n<div class=\"wp-container-16 wp-block-column\" style=\"flex-basis:33.33%\">\n<figure class=\"wp-block-image size-full\"><img loading=\"lazy\" width=\"897\" height=\"673\" src=\"https:\/\/ammerkeramik.de\/en\/wp-content\/uploads\/sites\/5\/2022\/06\/FlacheTeller.jpg\" alt=\"\" class=\"wp-image-589\" srcset=\"https:\/\/ammerkeramik.de\/en\/wp-content\/uploads\/sites\/5\/2022\/06\/FlacheTeller.jpg 897w, https:\/\/ammerkeramik.de\/en\/wp-content\/uploads\/sites\/5\/2022\/06\/FlacheTeller-300x225.jpg 300w, https:\/\/ammerkeramik.de\/en\/wp-content\/uploads\/sites\/5\/2022\/06\/FlacheTeller-768x576.jpg 768w\" sizes=\"(max-width: 897px) 100vw, 897px\" \/><\/figure>\n<\/div>\n<\/div>\n","protected":false},"excerpt":{"rendered":"<p>Das Reutlinger Esssch\u00e4lchen H\u00f6he zirka 4,5 cm,\u00d8 13 cm Dieses Sch\u00e4lchen unterst\u00fctzt Kleinkinder optimal beim Erlernen des selbst\u00e4ndigen Essens und ist bestens geeignet f\u00fcr Kinderkrippen, aber auch f\u00fcr das Essen zu Hause.In Zusammenarbeit mit der Abteilung Kindertagesbetreuung der Stadt Reutlingen entstand das Reutlinger Esssch\u00e4lchen.Unsere Keramik ist gefertigt f\u00fcr den t\u00e4glichen Gebrauch, kann im Backofen und &hellip;<\/p>\n<p class=\"read-more\"> <a class=\"\" href=\"https:\/\/ammerkeramik.de\/en\/reutlinger-essschalchen\/\"> <span class=\"screen-reader-text\">Das Reutlinger Esssch\u00e4lchen<\/span> Weiterlesen &raquo;<\/a><\/p>\n","protected":false},"author":1,"featured_media":355,"parent":0,"menu_order":0,"comment_status":"closed","ping_status":"closed","template":"","meta":{"site-sidebar-layout":"default","site-content-layout":"default","ast-global-header-display":"","ast-main-header-display":"","ast-hfb-above-header-display":"","ast-hfb-below-header-display":"","ast-hfb-mobile-header-display":"","site-post-title":"disabled","ast-breadcrumbs-content":"","ast-featured-img":"","footer-sml-layout":"","theme-transparent-header-meta":"default","adv-header-id-meta":"","stick-header-meta":"","header-above-stick-meta":"","header-main-stick-meta":"","header-below-stick-meta":""},"_links":{"self":[{"href":"https:\/\/ammerkeramik.de\/en\/wp-json\/wp\/v2\/pages\/29"}],"collection":[{"href":"https:\/\/ammerkeramik.de\/en\/wp-json\/wp\/v2\/pages"}],"about":[{"href":"https:\/\/ammerkeramik.de\/en\/wp-json\/wp\/v2\/types\/page"}],"author":[{"embeddable":true,"href":"https:\/\/ammerkeramik.de\/en\/wp-json\/wp\/v2\/users\/1"}],"replies":[{"embeddable":true,"href":"https:\/\/ammerkeramik.de\/en\/wp-json\/wp\/v2\/comments?post=29"}],"version-history":[{"count":11,"href":"https:\/\/ammerkeramik.de\/en\/wp-json\/wp\/v2\/pages\/29\/revisions"}],"predecessor-version":[{"id":862,"href":"https:\/\/ammerkeramik.de\/en\/wp-json\/wp\/v2\/pages\/29\/revisions\/862"}],"wp:featuredmedia":[{"embeddable":true,"href":"https:\/\/ammerkeramik.de\/en\/wp-json\/wp\/v2\/media\/355"}],"wp:attachment":[{"href":"https:\/\/ammerkeramik.de\/en\/wp-json\/wp\/v2\/media?parent=29"}],"curies":[{"name":"wp","href":"https:\/\/api.w.org\/{rel}","templated":true}]}}